{"id":345,"date":"2020-12-09T17:18:05","date_gmt":"2020-12-09T16:18:05","guid":{"rendered":"http:\/\/www.frepat.com\/es\/urban-projects\/"},"modified":"2025-11-27T16:38:14","modified_gmt":"2025-11-27T15:38:14","slug":"proyectos-urbanos","status":"publish","type":"page","link":"https:\/\/www.frepat.com\/es\/proyectos-urbanos\/","title":{"rendered":"PROYECTOS URBANOS"},"content":{"rendered":"\n<p class=\"has-text-align-left\" style=\"font-size:16px\">Especialistas en realizaciones a medida, le ayudamos a desarrollar sus ideas y fabricar para usted todos sus proyectos de desarrollo o de mobiliario espec\u00edficos. <\/p>\n\n\n\n<p class=\"has-text-align-left\">El compromiso para con elementos urbanos m\u00e1s sostenibles e ingeniosos, que sirvan para construir la armon\u00eda del espacio, es una herramienta esencial en nuestro trabajo.<\/p>\n\n\n\n<p><\/p>\n\n\n<div class=\"alignfull ticss-be23d722 wp-block-themeisle-blocks-posts-grid\" id=\"wp-block-themeisle-blocks-posts-grid-df2dcd08\"><div class=\"alignfull is-grid o-posts-grid-columns-4 has-shadow\"><div class=\"o-posts-grid-post-blog o-posts-grid-post-plain\"><div class=\"o-posts-grid-post\"><div class=\"o-posts-grid-post-image\"><a href=\"https:\/\/www.frepat.com\/es\/2026\/01\/15\/proville-urban\/\"><img width=\"600\" height=\"400\" src=\"https:\/\/www.frepat.com\/es\/wp-content\/uploads\/sites\/3\/2026\/01\/Proville-Bordeaux-02-600x400.jpg\" class=\"attachment-modern-grid-listing size-modern-grid-listing\" alt=\"\" decoding=\"async\" srcset=\"https:\/\/www.frepat.com\/es\/wp-content\/uploads\/sites\/3\/2026\/01\/Proville-Bordeaux-02-600x400.jpg 600w, https:\/\/www.frepat.com\/es\/wp-content\/uploads\/sites\/3\/2026\/01\/Proville-Bordeaux-02-930x620.jpg 930w\" sizes=\"(max-width: 600px) 100vw, 600px\" \/><\/a><\/div><div class=\"o-posts-grid-post-body\"><h4 class=\"o-posts-grid-post-title\"><a href=\"https:\/\/www.frepat.com\/es\/2026\/01\/15\/proville-urban\/\">Proville Urban<\/a><\/h4><div class=\"o-posts-grid-post-description\"><p>Proville Urban Burdeos, FRANCIA \u00a0 BANCOS BANCAFINA PLUS VER BANCOS &#8230;<\/p><\/div><\/div><\/div><\/div><div class=\"o-posts-grid-post-blog o-posts-grid-post-plain\"><div class=\"o-posts-grid-post\"><div class=\"o-posts-grid-post-image\"><a href=\"https:\/\/www.frepat.com\/es\/2025\/12\/12\/heron-city-diversia\/\"><img width=\"600\" height=\"400\" src=\"https:\/\/www.frepat.com\/es\/wp-content\/uploads\/sites\/3\/2025\/12\/MOD-CIR-al01-600x400.jpg\" class=\"attachment-modern-grid-listing size-modern-grid-listing\" alt=\"\" decoding=\"async\" srcset=\"https:\/\/www.frepat.com\/es\/wp-content\/uploads\/sites\/3\/2025\/12\/MOD-CIR-al01-600x400.jpg 600w, https:\/\/www.frepat.com\/es\/wp-content\/uploads\/sites\/3\/2025\/12\/MOD-CIR-al01-930x620.jpg 930w\" sizes=\"(max-width: 600px) 100vw, 600px\" \/><\/a><\/div><div class=\"o-posts-grid-post-body\"><h4 class=\"o-posts-grid-post-title\"><a href=\"https:\/\/www.frepat.com\/es\/2025\/12\/12\/heron-city-diversia\/\">Heron City Diversia<\/a><\/h4><div class=\"o-posts-grid-post-description\"><p>Renovaci\u00f3n del Centro Heron City Diversia.&nbsp;&nbsp;Alcobendas, MADRID&nbsp; Promotor:&nbsp;Heron \u2026<\/p><\/div><\/div><\/div><\/div><div class=\"o-posts-grid-post-blog o-posts-grid-post-plain\"><div class=\"o-posts-grid-post\"><div class=\"o-posts-grid-post-image\"><a href=\"https:\/\/www.frepat.com\/es\/2024\/12\/11\/berges-de-la-charbonniere-2024\/\"><img width=\"600\" height=\"400\" src=\"https:\/\/www.frepat.com\/es\/wp-content\/uploads\/sites\/3\/2024\/12\/CO-DIC-DTRI_guy01-600x400.jpg\" class=\"attachment-modern-grid-listing size-modern-grid-listing\" alt=\"\" decoding=\"async\" srcset=\"https:\/\/www.frepat.com\/es\/wp-content\/uploads\/sites\/3\/2024\/12\/CO-DIC-DTRI_guy01-600x400.jpg 600w, https:\/\/www.frepat.com\/es\/wp-content\/uploads\/sites\/3\/2024\/12\/CO-DIC-DTRI_guy01-930x620.jpg 930w\" sizes=\"(max-width: 600px) 100vw, 600px\" \/><\/a><\/div><div class=\"o-posts-grid-post-body\"><h4 class=\"o-posts-grid-post-title\"><a href=\"https:\/\/www.frepat.com\/es\/2024\/12\/11\/berges-de-la-charbonniere-2024\/\">Berges de la Charbonni\u00e8re &#8211; 2024<\/a><\/h4><div class=\"o-posts-grid-post-description\"><p>Acondicionamiento y mejoras de las \u00abberges de la Charbonni\u00e8re\u00bb, GUAYANA FRANCESA\u00a0\u00a0(obra en curso&amp;#82\u2026<\/p><\/div><\/div><\/div><\/div><div class=\"o-posts-grid-post-blog o-posts-grid-post-plain\"><div class=\"o-posts-grid-post\"><div class=\"o-posts-grid-post-image\"><a href=\"https:\/\/www.frepat.com\/es\/2023\/11\/08\/__trashed\/\"><img width=\"600\" height=\"400\" src=\"https:\/\/www.frepat.com\/es\/wp-content\/uploads\/sites\/3\/2023\/11\/IMG_9875_c-600x400.jpg\" class=\"attachment-modern-grid-listing size-modern-grid-listing\" alt=\"\" decoding=\"async\" \/><\/a><\/div><div class=\"o-posts-grid-post-body\"><h4 class=\"o-posts-grid-post-title\"><a href=\"https:\/\/www.frepat.com\/es\/2023\/11\/08\/__trashed\/\">ESCUELA VEDRUNA TORDERA &#8211; 2023<\/a><\/h4><div class=\"o-posts-grid-post-description\"><p>Realisaci\u00f3n de mejoras en el patio de la escuela Vedruna Tordera, Barcelona-Espa\u00f1a BANCOS y JARDINER\u2026<\/p><\/div><\/div><\/div><\/div><div class=\"o-posts-grid-post-blog o-posts-grid-post-plain\"><div class=\"o-posts-grid-post\"><div class=\"o-posts-grid-post-image\"><a href=\"https:\/\/www.frepat.com\/es\/2023\/02\/27\/residencia-estudiantil-2023\/\"><img width=\"600\" height=\"400\" src=\"https:\/\/www.frepat.com\/es\/wp-content\/uploads\/sites\/3\/2023\/02\/20230124_091518-600x400.jpg\" class=\"attachment-modern-grid-listing size-modern-grid-listing\" alt=\"20230124_091518\" decoding=\"async\" srcset=\"https:\/\/www.frepat.com\/es\/wp-content\/uploads\/sites\/3\/2023\/02\/20230124_091518-600x401.jpg 600w, https:\/\/www.frepat.com\/es\/wp-content\/uploads\/sites\/3\/2023\/02\/20230124_091518-300x201.jpg 300w, https:\/\/www.frepat.com\/es\/wp-content\/uploads\/sites\/3\/2023\/02\/20230124_091518-239x160.jpg 239w, https:\/\/www.frepat.com\/es\/wp-content\/uploads\/sites\/3\/2023\/02\/20230124_091518-930x620.jpg 930w, https:\/\/www.frepat.com\/es\/wp-content\/uploads\/sites\/3\/2023\/02\/20230124_091518.jpg 1000w\" sizes=\"(max-width: 600px) 100vw, 600px\" \/><\/a><\/div><div class=\"o-posts-grid-post-body\"><h4 class=\"o-posts-grid-post-title\"><a href=\"https:\/\/www.frepat.com\/es\/2023\/02\/27\/residencia-estudiantil-2023\/\">RESIDENCIA ESTUDIANTIL &#8211; 2023<\/a><\/h4><div class=\"o-posts-grid-post-description\"><p>Construcci\u00f3n de un campus estudiantil de 5 edificios en co-living, con paisajismo BANCOS CIRCULARES \u2026<\/p><\/div><\/div><\/div><\/div><div class=\"o-posts-grid-post-blog o-posts-grid-post-plain\"><div class=\"o-posts-grid-post\"><div class=\"o-posts-grid-post-image\"><a href=\"https:\/\/www.frepat.com\/es\/2023\/02\/21\/lidl-bureaux-centraux\/\"><img width=\"600\" height=\"400\" src=\"https:\/\/www.frepat.com\/es\/wp-content\/uploads\/sites\/3\/2023\/02\/20230124_14-600x400.jpg\" class=\"attachment-modern-grid-listing size-modern-grid-listing\" alt=\"20230124_14\" decoding=\"async\" srcset=\"https:\/\/www.frepat.com\/es\/wp-content\/uploads\/sites\/3\/2023\/02\/20230124_14-600x400.jpg 600w, https:\/\/www.frepat.com\/es\/wp-content\/uploads\/sites\/3\/2023\/02\/20230124_14-930x620.jpg 930w\" sizes=\"(max-width: 600px) 100vw, 600px\" \/><\/a><\/div><div class=\"o-posts-grid-post-body\"><h4 class=\"o-posts-grid-post-title\"><a href=\"https:\/\/www.frepat.com\/es\/2023\/02\/21\/lidl-bureaux-centraux\/\">LIDL \u2013 OFICINAS CENTRALES &#8211; 2023<\/a><\/h4><div class=\"o-posts-grid-post-description\"><p>Redise\u00f1o de la zona exterior de las oficinas de LIDL. MONTCADA I REIXAC, BARCELONA- 2023 BANCOS\/JARD\u2026<\/p><\/div><\/div><\/div><\/div><div class=\"o-posts-grid-post-blog o-posts-grid-post-plain\"><div class=\"o-posts-grid-post\"><div class=\"o-posts-grid-post-image\"><a href=\"https:\/\/www.frepat.com\/es\/2020\/12\/09\/jardin-des-arts-vernon-2020\/\"><img width=\"600\" height=\"384\" src=\"https:\/\/www.frepat.com\/es\/wp-content\/uploads\/sites\/3\/2020\/12\/20200626_091542_-600x384.jpg\" class=\"attachment-modern-grid-listing size-modern-grid-listing\" alt=\"20200626_091542_\" decoding=\"async\" \/><\/a><\/div><div class=\"o-posts-grid-post-body\"><h4 class=\"o-posts-grid-post-title\"><a href=\"https:\/\/www.frepat.com\/es\/2020\/12\/09\/jardin-des-arts-vernon-2020\/\">JARDIN DES ARTS, VERNON 2020<\/a><\/h4><div class=\"o-posts-grid-post-description\"><p>JARDIN DE LAS ARTES, VERNON &#8211; 2020 BORDILLOS \/JARDINERAS y BANCOS a medida VERNON &#8211; \u00c9VRE\u2026<\/p><\/div><\/div><\/div><\/div><div class=\"o-posts-grid-post-blog o-posts-grid-post-plain\"><div class=\"o-posts-grid-post\"><div class=\"o-posts-grid-post-image\"><a href=\"https:\/\/www.frepat.com\/es\/2019\/12\/09\/amenagement-de-la-rue-de-la-pomme\/\"><img width=\"600\" height=\"384\" src=\"https:\/\/www.frepat.com\/es\/wp-content\/uploads\/sites\/3\/2020\/12\/Photos-rue-de-la-pomme-14s-1-600x384.jpg\" class=\"attachment-modern-grid-listing size-modern-grid-listing\" alt=\"Photos rue de la pomme s\" decoding=\"async\" \/><\/a><\/div><div class=\"o-posts-grid-post-body\"><h4 class=\"o-posts-grid-post-title\"><a href=\"https:\/\/www.frepat.com\/es\/2019\/12\/09\/amenagement-de-la-rue-de-la-pomme\/\">Rue de La Pomme, Toulouse 2019<\/a><\/h4><div class=\"o-posts-grid-post-description\"><p>CALLE LA POMME &#8211;&nbsp;2019 JARDINERAS A MEDIDA Toulouse Cliente : Alcald\u00eda de TOULOUSE Jefe de\u2026<\/p><\/div><\/div><\/div><\/div><div class=\"o-posts-grid-post-blog o-posts-grid-post-plain\"><div class=\"o-posts-grid-post\"><div class=\"o-posts-grid-post-image\"><a href=\"https:\/\/www.frepat.com\/es\/2019\/12\/09\/place-du-centre-saint-barthelemy-dagenais\/\"><img width=\"600\" height=\"384\" src=\"https:\/\/www.frepat.com\/es\/wp-content\/uploads\/sites\/3\/2020\/12\/photo02-600x384.jpg\" class=\"attachment-modern-grid-listing size-modern-grid-listing\" alt=\"photo\" decoding=\"async\" \/><\/a><\/div><div class=\"o-posts-grid-post-body\"><h4 class=\"o-posts-grid-post-title\"><a href=\"https:\/\/www.frepat.com\/es\/2019\/12\/09\/place-du-centre-saint-barthelemy-dagenais\/\">Place du Centre SAINT-BARTH\u00c9LEMY 2019<\/a><\/h4><div class=\"o-posts-grid-post-description\"><p>Plaza del Centro SAINT-BARTH\u00c9LEMY D&#8217;AGENAIS&nbsp; &#8211;&nbsp;2019 BANCOS CORTEN A MEDIDA Lot\u2026<\/p><\/div><\/div><\/div><\/div><div class=\"o-posts-grid-post-blog o-posts-grid-post-plain\"><div class=\"o-posts-grid-post\"><div class=\"o-posts-grid-post-image\"><a href=\"https:\/\/www.frepat.com\/es\/2018\/12\/09\/amenagement-du-site-la-corderie\/\"><img width=\"600\" height=\"384\" src=\"https:\/\/www.frepat.com\/es\/wp-content\/uploads\/sites\/3\/2020\/12\/Sant-Clair-dela-Tour-600x384.jpg\" class=\"attachment-modern-grid-listing size-modern-grid-listing\" alt=\"Sant Clair dela Tour\" decoding=\"async\" \/><\/a><\/div><div class=\"o-posts-grid-post-body\"><h4 class=\"o-posts-grid-post-title\"><a href=\"https:\/\/www.frepat.com\/es\/2018\/12\/09\/amenagement-du-site-la-corderie\/\">Site LA CORDERIE , Saint-Clair de la Tour 2018<\/a><\/h4><div class=\"o-posts-grid-post-description\"><p>LA CORDERIE, Saint-Clair de la Tour &#8211;&nbsp;2018 BANCOS y MESAS Saint-Clair de la Tour (IS\u00c8RE) \u2026<\/p><\/div><\/div><\/div><\/div><div class=\"o-posts-grid-post-blog o-posts-grid-post-plain\"><div class=\"o-posts-grid-post\"><div class=\"o-posts-grid-post-image\"><a href=\"https:\/\/www.frepat.com\/es\/2018\/12\/09\/parc-la-foret-du-bourgailh\/\"><img width=\"600\" height=\"384\" src=\"https:\/\/www.frepat.com\/es\/wp-content\/uploads\/sites\/3\/2020\/12\/foretpessac-600x384.jpg\" class=\"attachment-modern-grid-listing size-modern-grid-listing\" alt=\"foretpessac\" decoding=\"async\" \/><\/a><\/div><div class=\"o-posts-grid-post-body\"><h4 class=\"o-posts-grid-post-title\"><a href=\"https:\/\/www.frepat.com\/es\/2018\/12\/09\/parc-la-foret-du-bourgailh\/\">Parc La For\u00eat du Bourgailh, PESSAC 2018<\/a><\/h4><div class=\"o-posts-grid-post-description\"><p>Parque La For\u00eat du Bourgailh,\u00a0 PESSAC &#8211; 2018 CONJUNTOS PICNIC, PAPELERAS y CENICEROS Pessac &amp;#\u2026<\/p><\/div><\/div><\/div><\/div><div class=\"o-posts-grid-post-blog o-posts-grid-post-plain\"><div class=\"o-posts-grid-post\"><div class=\"o-posts-grid-post-image\"><a href=\"https:\/\/www.frepat.com\/es\/2017\/12\/09\/bords-seine-vernon\/\"><img width=\"600\" height=\"384\" src=\"https:\/\/www.frepat.com\/es\/wp-content\/uploads\/sites\/3\/2020\/12\/VERNON-600x384.jpg\" class=\"attachment-modern-grid-listing size-modern-grid-listing\" alt=\"VERNON\" decoding=\"async\" \/><\/a><\/div><div class=\"o-posts-grid-post-body\"><h4 class=\"o-posts-grid-post-title\"><a href=\"https:\/\/www.frepat.com\/es\/2017\/12\/09\/bords-seine-vernon\/\">Bords de Seine, VERNON 2017<\/a><\/h4><div class=\"o-posts-grid-post-description\"><p>BORDES DEL SENA, VERNON &#8211; 2017 PILONAS USB_ASSISE-DEBOUT, SOPORTES- BICI, ASIENTOS, PAPELERAS \u2026<\/p><\/div><\/div><\/div><\/div><div class=\"o-posts-grid-post-blog o-posts-grid-post-plain\"><div class=\"o-posts-grid-post\"><div class=\"o-posts-grid-post-image\"><a href=\"https:\/\/www.frepat.com\/es\/2017\/12\/09\/boutiques-cosmetiques-miin\/\"><img width=\"600\" height=\"384\" src=\"https:\/\/www.frepat.com\/es\/wp-content\/uploads\/sites\/3\/2020\/12\/tienda-600x384.jpg\" class=\"attachment-modern-grid-listing size-modern-grid-listing\" alt=\"tienda\" decoding=\"async\" \/><\/a><\/div><div class=\"o-posts-grid-post-body\"><h4 class=\"o-posts-grid-post-title\"><a href=\"https:\/\/www.frepat.com\/es\/2017\/12\/09\/boutiques-cosmetiques-miin\/\">Cosm\u00e9tiques MIIN MUNICH 2015 &#8211; PARIS 2017<\/a><\/h4><div class=\"o-posts-grid-post-description\"><p>Tienda de cosm\u00e9ticos MIIN MUNICH 2015 &#8211; PARIS 2017 ARMARIOS\/MUEBLES EXPOSITORES Munich &amp; P\u2026<\/p><\/div><\/div><\/div><\/div><div class=\"o-posts-grid-post-blog o-posts-grid-post-plain\"><div class=\"o-posts-grid-post\"><div class=\"o-posts-grid-post-image\"><a href=\"https:\/\/www.frepat.com\/es\/2017\/12\/09\/terrasses-boieldieu-ladefense\/\"><img width=\"600\" height=\"384\" src=\"https:\/\/www.frepat.com\/es\/wp-content\/uploads\/sites\/3\/2020\/12\/ladefense-600x384.jpg\" class=\"attachment-modern-grid-listing size-modern-grid-listing\" alt=\"ladefense\" decoding=\"async\" \/><\/a><\/div><div class=\"o-posts-grid-post-body\"><h4 class=\"o-posts-grid-post-title\"><a href=\"https:\/\/www.frepat.com\/es\/2017\/12\/09\/terrasses-boieldieu-ladefense\/\">Terrasses Boieldieu \u00e0 La D\u00c9FENSE 2017<\/a><\/h4><div class=\"o-posts-grid-post-description\"><p>Terrazas Boieldieu de La DEFENSA &#8211; 2017 SILLAS MET\u00c1LICAS a medida La D\u00e9fense &#8211; PARIS (HA\u2026<\/p><\/div><\/div><\/div><\/div><div class=\"o-posts-grid-post-blog o-posts-grid-post-plain\"><div class=\"o-posts-grid-post\"><div class=\"o-posts-grid-post-image\"><a href=\"https:\/\/www.frepat.com\/es\/2017\/12\/09\/amenagement-andorre\/\"><img width=\"600\" height=\"384\" src=\"https:\/\/www.frepat.com\/es\/wp-content\/uploads\/sites\/3\/2020\/12\/IMG_7833-600x384.jpg\" class=\"attachment-modern-grid-listing size-modern-grid-listing\" alt=\"IMG\" decoding=\"async\" \/><\/a><\/div><div class=\"o-posts-grid-post-body\"><h4 class=\"o-posts-grid-post-title\"><a href=\"https:\/\/www.frepat.com\/es\/2017\/12\/09\/amenagement-andorre\/\">ANDORRA 2015 \/ 2018<\/a><\/h4><div class=\"o-posts-grid-post-description\"><p>Ciudad de ANDORRA &#8211; 2015 \/ 2018 SE\u00d1ALIZACI\u00d3N a medida y PAPELERAS ANDORRE Cliente: Senyalitzac\u2026<\/p><\/div><\/div><\/div><\/div><div class=\"o-posts-grid-post-blog o-posts-grid-post-plain\"><div class=\"o-posts-grid-post\"><div class=\"o-posts-grid-post-image\"><a href=\"https:\/\/www.frepat.com\/es\/2016\/12\/09\/parc-ruisseau-haillan\/\"><img width=\"600\" height=\"384\" src=\"https:\/\/www.frepat.com\/es\/wp-content\/uploads\/sites\/3\/2020\/12\/lehaillan-600x384.jpg\" class=\"attachment-modern-grid-listing size-modern-grid-listing\" alt=\"Projet Parcs et Jardins\" decoding=\"async\" \/><\/a><\/div><div class=\"o-posts-grid-post-body\"><h4 class=\"o-posts-grid-post-title\"><a href=\"https:\/\/www.frepat.com\/es\/2016\/12\/09\/parc-ruisseau-haillan\/\">Parc du ruisseau au HAILLAN 2014\/2016<\/a><\/h4><div class=\"o-posts-grid-post-description\"><p>Parque du ruisseau, HAILLAN &#8211; 2014\/2016 BANCOS, SE\u00d1ALIZACI\u00d3N y BARANDILLAS a medida Haillan &amp;#\u2026<\/p><\/div><\/div><\/div><\/div><div class=\"o-posts-grid-post-blog o-posts-grid-post-plain\"><div class=\"o-posts-grid-post\"><div class=\"o-posts-grid-post-image\"><a href=\"https:\/\/www.frepat.com\/es\/2015\/12\/09\/remparts-aigues-mortes\/\"><img width=\"600\" height=\"384\" src=\"https:\/\/www.frepat.com\/es\/wp-content\/uploads\/sites\/3\/2020\/12\/aiguesmortes-600x384.jpg\" class=\"attachment-modern-grid-listing size-modern-grid-listing\" alt=\"[:en]Rempart Aigues Mortes[:]\" decoding=\"async\" \/><\/a><\/div><div class=\"o-posts-grid-post-body\"><h4 class=\"o-posts-grid-post-title\"><a href=\"https:\/\/www.frepat.com\/es\/2015\/12\/09\/remparts-aigues-mortes\/\">AIGUES MORTES 2015<\/a><\/h4><div class=\"o-posts-grid-post-description\"><p>Entorno de las murallas sur y este de la ciudad AIGUES MORTES &#8211; &nbsp;2015 BANCOS, T\u00d3TEM de SE\u2026<\/p><\/div><\/div><\/div><\/div><div class=\"o-posts-grid-post-blog o-posts-grid-post-plain\"><div class=\"o-posts-grid-post\"><div class=\"o-posts-grid-post-image\"><a href=\"https:\/\/www.frepat.com\/es\/2015\/12\/09\/port-de-limay\/\"><img width=\"600\" height=\"384\" src=\"https:\/\/www.frepat.com\/es\/wp-content\/uploads\/sites\/3\/2020\/12\/Port-Limay-600x384.jpg\" class=\"attachment-modern-grid-listing size-modern-grid-listing\" alt=\"Port Limay\" decoding=\"async\" \/><\/a><\/div><div class=\"o-posts-grid-post-body\"><h4 class=\"o-posts-grid-post-title\"><a href=\"https:\/\/www.frepat.com\/es\/2015\/12\/09\/port-de-limay\/\">PORT DE LIMAY 2015<\/a><\/h4><div class=\"o-posts-grid-post-description\"><p>Entrada del&nbsp; PORT DE LIMAY &#8211; 2015 SE\u00d1ALIZACI\u00d3N a medida Port de Limay-Porcheville&nbsp; (\u2026<\/p><\/div><\/div><\/div><\/div><div class=\"o-posts-grid-post-blog o-posts-grid-post-plain\"><div class=\"o-posts-grid-post\"><div class=\"o-posts-grid-post-image\"><a href=\"https:\/\/www.frepat.com\/es\/2015\/12\/09\/gare-carpentras\/\"><img width=\"600\" height=\"384\" src=\"https:\/\/www.frepat.com\/es\/wp-content\/uploads\/sites\/3\/2020\/12\/BORDURE-ARRET-600x384.jpg\" class=\"attachment-modern-grid-listing size-modern-grid-listing\" alt=\"BORDURE ARRET\" decoding=\"async\" \/><\/a><\/div><div class=\"o-posts-grid-post-body\"><h4 class=\"o-posts-grid-post-title\"><a href=\"https:\/\/www.frepat.com\/es\/2015\/12\/09\/gare-carpentras\/\">CARPENTRAS 2015<\/a><\/h4><div class=\"o-posts-grid-post-description\"><p>Estaci\u00f3n de Autobuses CARPENTRAS &#8211; 2015 BORDILLOS FREPAT QUAI BUS\u00ae, PAPELERAS. Carpentras &amp;#82\u2026<\/p><\/div><\/div><\/div><\/div><div class=\"o-posts-grid-post-blog o-posts-grid-post-plain\"><div class=\"o-posts-grid-post\"><div class=\"o-posts-grid-post-image\"><a href=\"https:\/\/www.frepat.com\/es\/2014\/12\/09\/place-de-la-claire\/\"><img width=\"600\" height=\"384\" src=\"https:\/\/www.frepat.com\/es\/wp-content\/uploads\/sites\/3\/2020\/12\/SIGNA_Place-de-la-CLAIRE-600x384.jpg\" class=\"attachment-modern-grid-listing size-modern-grid-listing\" alt=\"SIGNA Place de la CLAIRE\" decoding=\"async\" \/><\/a><\/div><div class=\"o-posts-grid-post-body\"><h4 class=\"o-posts-grid-post-title\"><a href=\"https:\/\/www.frepat.com\/es\/2014\/12\/09\/place-de-la-claire\/\">PLAZA DE LA CLAIRE 2014<\/a><\/h4><div class=\"o-posts-grid-post-description\"><p>PLAZA LA CLAIRE &#8211; 2014 BANCOS, JARDINERAS, SOPORTES-BICI, BARRERA y SE\u00d1ALIZACI\u00d3N a medida Guja\u2026<\/p><\/div><\/div><\/div><\/div><div class=\"o-posts-grid-post-blog o-posts-grid-post-plain\"><div class=\"o-posts-grid-post\"><div class=\"o-posts-grid-post-image\"><a href=\"https:\/\/www.frepat.com\/es\/2014\/12\/09\/amenagement-frontignan\/\"><img width=\"600\" height=\"384\" src=\"https:\/\/www.frepat.com\/es\/wp-content\/uploads\/sites\/3\/2020\/12\/frontignan-600x384.jpg\" class=\"attachment-modern-grid-listing size-modern-grid-listing\" alt=\"frontignan\" decoding=\"async\" \/><\/a><\/div><div class=\"o-posts-grid-post-body\"><h4 class=\"o-posts-grid-post-title\"><a href=\"https:\/\/www.frepat.com\/es\/2014\/12\/09\/amenagement-frontignan\/\">FRONTIGNAN 2014<\/a><\/h4><div class=\"o-posts-grid-post-description\"><p>Ciudad de FRONTIGNAN &#8211; 2014 BORDILLOS y REVESTIMIENTOS CORTEN, ALCORQUES, PILONAS, PAPELERAS, \u2026<\/p><\/div><\/div><\/div><\/div><div class=\"o-posts-grid-post-blog o-posts-grid-post-plain\"><div class=\"o-posts-grid-post\"><div class=\"o-posts-grid-post-image\"><a href=\"https:\/\/www.frepat.com\/es\/2014\/12\/09\/plaza-del-pilar-benahavis\/\"><img width=\"600\" height=\"384\" src=\"https:\/\/www.frepat.com\/es\/wp-content\/uploads\/sites\/3\/2020\/12\/Montaje2-amarillo-FINAL-600x384.jpg\" class=\"attachment-modern-grid-listing size-modern-grid-listing\" alt=\"Montaje amarillo FINAL\" decoding=\"async\" \/><\/a><\/div><div class=\"o-posts-grid-post-body\"><h4 class=\"o-posts-grid-post-title\"><a href=\"https:\/\/www.frepat.com\/es\/2014\/12\/09\/plaza-del-pilar-benahavis\/\">PLAZA DEL PILAR &#8211; BENAHAV\u00cdS<\/a><\/h4><div class=\"o-posts-grid-post-description\"><p>PLAZA DEL PILAR &#8211; BENAHAV\u00cdS PROPUESTA DE CREACI\u00d3N y EQUIPAMIENTO URBANO Benahav\u00eds, M\u00e1laga. ESP\u2026<\/p><\/div><\/div><\/div><\/div><div class=\"o-posts-grid-post-blog o-posts-grid-post-plain\"><div class=\"o-posts-grid-post\"><div class=\"o-posts-grid-post-image\"><a href=\"https:\/\/www.frepat.com\/es\/2012\/03\/08\/mont-saint-michel-2011-2012\/\"><img width=\"600\" height=\"400\" src=\"https:\/\/www.frepat.com\/es\/wp-content\/uploads\/sites\/3\/2023\/03\/BO-FRT_02-600x400.jpg\" class=\"attachment-modern-grid-listing size-modern-grid-listing\" alt=\"BO FRT\" decoding=\"async\" srcset=\"https:\/\/www.frepat.com\/es\/wp-content\/uploads\/sites\/3\/2023\/03\/BO-FRT_02-600x400.jpg 600w, https:\/\/www.frepat.com\/es\/wp-content\/uploads\/sites\/3\/2023\/03\/BO-FRT_02-930x620.jpg 930w\" sizes=\"(max-width: 600px) 100vw, 600px\" \/><\/a><\/div><div class=\"o-posts-grid-post-body\"><h4 class=\"o-posts-grid-post-title\"><a href=\"https:\/\/www.frepat.com\/es\/2012\/03\/08\/mont-saint-michel-2011-2012\/\">MONT SAINT-MICHEL, 2011-2012<\/a><\/h4><div class=\"o-posts-grid-post-description\"><p>PILONAS FRONTIGNAN Y BORDILLOS CORTEN Travers\u00e9e Lisi\u00e8re, Mont SAINT-MICHEL Cliente: COLAS 50<\/p><\/div><\/div><\/div><\/div><\/div> <\/div>\n\n\n<p><\/p>\n","protected":false},"excerpt":{"rendered":"<p>Especialistas en realizaciones a medida, le ayudamos a desarrollar sus ideas y fabricar para usted todos sus proyectos de desarrollo o de mobiliario espec\u00edficos. El compromiso para con elementos urbanos m\u00e1s sostenibles e ingeniosos, que sirvan para construir la armon\u00eda del espacio, es una herramienta esencial en nuestro trabajo.<\/p>\n","protected":false},"author":1,"featured_media":0,"parent":0,"menu_order":0,"comment_status":"closed","ping_status":"closed","template":"","meta":{"neve_meta_sidebar":"full-width","neve_meta_container":"full-width","neve_meta_enable_content_width":"on","neve_meta_content_width":95,"neve_meta_title_alignment":"","neve_meta_author_avatar":"","neve_post_elements_order":"","neve_meta_disable_header":"","neve_meta_disable_footer":"","neve_meta_disable_title":"","_themeisle_gutenberg_block_has_review":false},"yoast_head":"<!-- This site is optimized with the Yoast SEO plugin v20.3 - https:\/\/yoast.com\/wordpress\/plugins\/seo\/ -->\n<title>FREPAT &ndash; PROYECTOS URBANOS<\/title>\n<meta name=\"description\" content=\"Transformamos la ciudad con proyectos urbanos innovadores y sostenibles. \u00a1\u00danete al cambio hacia una comunidad m\u00e1s conectada y verde!\" \/>\n<meta name=\"robots\" content=\"index, follow, max-snippet:-1, max-image-preview:large, max-video-preview:-1\" \/>\n<link rel=\"canonical\" href=\"https:\/\/www.frepat.com\/es\/proyectos-urbanos\/\" \/>\n<meta property=\"og:locale\" content=\"es_ES\" \/>\n<meta property=\"og:type\" content=\"article\" \/>\n<meta property=\"og:title\" content=\"FREPAT &ndash; PROYECTOS URBANOS\" \/>\n<meta property=\"og:description\" content=\"Transformamos la ciudad con proyectos urbanos innovadores y sostenibles. \u00a1\u00danete al cambio hacia una comunidad m\u00e1s conectada y verde!\" \/>\n<meta property=\"og:url\" content=\"https:\/\/www.frepat.com\/es\/proyectos-urbanos\/\" \/>\n<meta property=\"og:site_name\" content=\"Frepat Urban, Mobiliario Urbano\" \/>\n<meta property=\"article:publisher\" content=\"https:\/\/www.facebook.com\/frepaturban\/\" \/>\n<meta property=\"article:modified_time\" content=\"2025-11-27T15:38:14+00:00\" \/>\n<meta property=\"og:image\" content=\"https:\/\/www.frepat.com\/es\/wp-content\/uploads\/sites\/3\/2023\/03\/cropped-FREPAT_LCMYK-3.jpg\" \/>\n\t<meta property=\"og:image:width\" content=\"512\" \/>\n\t<meta property=\"og:image:height\" content=\"512\" \/>\n\t<meta property=\"og:image:type\" content=\"image\/jpeg\" \/>\n<meta name=\"twitter:card\" content=\"summary_large_image\" \/>\n<meta name=\"twitter:label1\" content=\"Tiempo de lectura\" \/>\n\t<meta name=\"twitter:data1\" content=\"1 minuto\" \/>\n<script type=\"application\/ld+json\" class=\"yoast-schema-graph\">{\"@context\":\"https:\/\/schema.org\",\"@graph\":[{\"@type\":\"WebPage\",\"@id\":\"https:\/\/www.frepat.com\/es\/proyectos-urbanos\/\",\"url\":\"https:\/\/www.frepat.com\/es\/proyectos-urbanos\/\",\"name\":\"FREPAT &ndash; PROYECTOS URBANOS\",\"isPartOf\":{\"@id\":\"https:\/\/www.frepat.com\/es\/#website\"},\"datePublished\":\"2020-12-09T16:18:05+00:00\",\"dateModified\":\"2025-11-27T15:38:14+00:00\",\"description\":\"Transformamos la ciudad con proyectos urbanos innovadores y sostenibles. \u00a1\u00danete al cambio hacia una comunidad m\u00e1s conectada y verde!\",\"breadcrumb\":{\"@id\":\"https:\/\/www.frepat.com\/es\/proyectos-urbanos\/#breadcrumb\"},\"inLanguage\":\"es\",\"potentialAction\":[{\"@type\":\"ReadAction\",\"target\":[\"https:\/\/www.frepat.com\/es\/proyectos-urbanos\/\"]}]},{\"@type\":\"BreadcrumbList\",\"@id\":\"https:\/\/www.frepat.com\/es\/proyectos-urbanos\/#breadcrumb\",\"itemListElement\":[{\"@type\":\"ListItem\",\"position\":1,\"name\":\"Portada\",\"item\":\"https:\/\/www.frepat.com\/es\/\"},{\"@type\":\"ListItem\",\"position\":2,\"name\":\"PROYECTOS URBANOS\"}]},{\"@type\":\"WebSite\",\"@id\":\"https:\/\/www.frepat.com\/es\/#website\",\"url\":\"https:\/\/www.frepat.com\/es\/\",\"name\":\"FREPAT URBAN EQUIPMENT\",\"description\":\"Frepat Urban Mobiliario urbano con bancos urbanos, papeleras de exterior, bancos y mesas urbanos, aparca bicis, jardineras.\",\"publisher\":{\"@id\":\"https:\/\/www.frepat.com\/es\/#organization\"},\"alternateName\":\"FREPAT\",\"potentialAction\":[{\"@type\":\"SearchAction\",\"target\":{\"@type\":\"EntryPoint\",\"urlTemplate\":\"https:\/\/www.frepat.com\/es\/?s={search_term_string}\"},\"query-input\":\"required name=search_term_string\"}],\"inLanguage\":\"es\"},{\"@type\":\"Organization\",\"@id\":\"https:\/\/www.frepat.com\/es\/#organization\",\"name\":\"FREPAT URBAN EQUIPMENT\",\"alternateName\":\"FREPAT\",\"url\":\"https:\/\/www.frepat.com\/es\/\",\"logo\":{\"@type\":\"ImageObject\",\"inLanguage\":\"es\",\"@id\":\"https:\/\/www.frepat.com\/es\/#\/schema\/logo\/image\/\",\"url\":\"http:\/\/www.frepat.com\/es\/wp-content\/uploads\/sites\/3\/2023\/03\/cropped-FREPAT_LCMYK-3.jpg\",\"contentUrl\":\"http:\/\/www.frepat.com\/es\/wp-content\/uploads\/sites\/3\/2023\/03\/cropped-FREPAT_LCMYK-3.jpg\",\"width\":512,\"height\":512,\"caption\":\"FREPAT URBAN EQUIPMENT\"},\"image\":{\"@id\":\"https:\/\/www.frepat.com\/es\/#\/schema\/logo\/image\/\"},\"sameAs\":[\"https:\/\/www.facebook.com\/frepaturban\/\",\"https:\/\/www.instagram.com\/frepat_urban_equipment\"]}]}<\/script>\n<!-- \/ Yoast SEO plugin. -->","yoast_head_json":{"title":"FREPAT &ndash; PROYECTOS URBANOS","description":"Transformamos la ciudad con proyectos urbanos innovadores y sostenibles. \u00a1\u00danete al cambio hacia una comunidad m\u00e1s conectada y verde!","robots":{"index":"index","follow":"follow","max-snippet":"max-snippet:-1","max-image-preview":"max-image-preview:large","max-video-preview":"max-video-preview:-1"},"canonical":"https:\/\/www.frepat.com\/es\/proyectos-urbanos\/","og_locale":"es_ES","og_type":"article","og_title":"FREPAT &ndash; PROYECTOS URBANOS","og_description":"Transformamos la ciudad con proyectos urbanos innovadores y sostenibles. \u00a1\u00danete al cambio hacia una comunidad m\u00e1s conectada y verde!","og_url":"https:\/\/www.frepat.com\/es\/proyectos-urbanos\/","og_site_name":"Frepat Urban, Mobiliario Urbano","article_publisher":"https:\/\/www.facebook.com\/frepaturban\/","article_modified_time":"2025-11-27T15:38:14+00:00","og_image":[{"width":512,"height":512,"url":"https:\/\/www.frepat.com\/es\/wp-content\/uploads\/sites\/3\/2023\/03\/cropped-FREPAT_LCMYK-3.jpg","type":"image\/jpeg"}],"twitter_card":"summary_large_image","twitter_misc":{"Tiempo de lectura":"1 minuto"},"schema":{"@context":"https:\/\/schema.org","@graph":[{"@type":"WebPage","@id":"https:\/\/www.frepat.com\/es\/proyectos-urbanos\/","url":"https:\/\/www.frepat.com\/es\/proyectos-urbanos\/","name":"FREPAT &ndash; PROYECTOS URBANOS","isPartOf":{"@id":"https:\/\/www.frepat.com\/es\/#website"},"datePublished":"2020-12-09T16:18:05+00:00","dateModified":"2025-11-27T15:38:14+00:00","description":"Transformamos la ciudad con proyectos urbanos innovadores y sostenibles. \u00a1\u00danete al cambio hacia una comunidad m\u00e1s conectada y verde!","breadcrumb":{"@id":"https:\/\/www.frepat.com\/es\/proyectos-urbanos\/#breadcrumb"},"inLanguage":"es","potentialAction":[{"@type":"ReadAction","target":["https:\/\/www.frepat.com\/es\/proyectos-urbanos\/"]}]},{"@type":"BreadcrumbList","@id":"https:\/\/www.frepat.com\/es\/proyectos-urbanos\/#breadcrumb","itemListElement":[{"@type":"ListItem","position":1,"name":"Portada","item":"https:\/\/www.frepat.com\/es\/"},{"@type":"ListItem","position":2,"name":"PROYECTOS URBANOS"}]},{"@type":"WebSite","@id":"https:\/\/www.frepat.com\/es\/#website","url":"https:\/\/www.frepat.com\/es\/","name":"FREPAT URBAN EQUIPMENT","description":"Frepat Urban Mobiliario urbano con bancos urbanos, papeleras de exterior, bancos y mesas urbanos, aparca bicis, jardineras.","publisher":{"@id":"https:\/\/www.frepat.com\/es\/#organization"},"alternateName":"FREPAT","potentialAction":[{"@type":"SearchAction","target":{"@type":"EntryPoint","urlTemplate":"https:\/\/www.frepat.com\/es\/?s={search_term_string}"},"query-input":"required name=search_term_string"}],"inLanguage":"es"},{"@type":"Organization","@id":"https:\/\/www.frepat.com\/es\/#organization","name":"FREPAT URBAN EQUIPMENT","alternateName":"FREPAT","url":"https:\/\/www.frepat.com\/es\/","logo":{"@type":"ImageObject","inLanguage":"es","@id":"https:\/\/www.frepat.com\/es\/#\/schema\/logo\/image\/","url":"http:\/\/www.frepat.com\/es\/wp-content\/uploads\/sites\/3\/2023\/03\/cropped-FREPAT_LCMYK-3.jpg","contentUrl":"http:\/\/www.frepat.com\/es\/wp-content\/uploads\/sites\/3\/2023\/03\/cropped-FREPAT_LCMYK-3.jpg","width":512,"height":512,"caption":"FREPAT URBAN EQUIPMENT"},"image":{"@id":"https:\/\/www.frepat.com\/es\/#\/schema\/logo\/image\/"},"sameAs":["https:\/\/www.facebook.com\/frepaturban\/","https:\/\/www.instagram.com\/frepat_urban_equipment"]}]}},"_links":{"self":[{"href":"https:\/\/www.frepat.com\/es\/wp-json\/wp\/v2\/pages\/345"}],"collection":[{"href":"https:\/\/www.frepat.com\/es\/wp-json\/wp\/v2\/pages"}],"about":[{"href":"https:\/\/www.frepat.com\/es\/wp-json\/wp\/v2\/types\/page"}],"author":[{"embeddable":true,"href":"https:\/\/www.frepat.com\/es\/wp-json\/wp\/v2\/users\/1"}],"replies":[{"embeddable":true,"href":"https:\/\/www.frepat.com\/es\/wp-json\/wp\/v2\/comments?post=345"}],"version-history":[{"count":12,"href":"https:\/\/www.frepat.com\/es\/wp-json\/wp\/v2\/pages\/345\/revisions"}],"predecessor-version":[{"id":8821,"href":"https:\/\/www.frepat.com\/es\/wp-json\/wp\/v2\/pages\/345\/revisions\/8821"}],"wp:attachment":[{"href":"https:\/\/www.frepat.com\/es\/wp-json\/wp\/v2\/media?parent=345"}],"curies":[{"name":"wp","href":"https:\/\/api.w.org\/{rel}","templated":true}]}}